{"id":2288,"date":"2022-01-17T16:10:36","date_gmt":"2022-01-17T16:10:36","guid":{"rendered":"http:\/\/www.capitulodeflebologia.org\/mision-e-historia\/"},"modified":"2022-01-19T12:36:24","modified_gmt":"2022-01-19T12:36:24","slug":"mision-e-historia","status":"publish","type":"page","link":"https:\/\/www.capitulodeflebologia.org\/en\/mision-e-historia\/","title":{"rendered":"Misi\u00f3n. Historia. Galer\u00eda Fotogr\u00e1fica"},"content":{"rendered":"<\/p>\n<div id='full_slider_1' class='avia-fullwidth-slider main_color avia-shadow   avia-builder-el-0  el_before_av_section  avia-builder-el-first   container_wrap fullsize' style=' '  ><div  data-size='featured'  data-lightbox_size='large'  data-animation='fade'  data-conditional_play=''  data-ids='736,735,738,737,734,733'  data-video_counter='0'  data-autoplay='true'  data-bg_slider='false'  data-slide_height=''  data-handle='av_slideshow_full'  data-interval='5'  data-class=' '  data-css_id=''  data-scroll_down=''  data-control_layout='av-control-hidden'  data-custom_markup=''  data-perma_caption='aviaTBperma_caption'  data-autoplay_stopper=''  data-image_attachment=''  data-min_height='0px'  data-src=''  data-position='top left'  data-repeat='no-repeat'  data-attach='scroll'  data-stretch=''  data-default-height='28.666666666667'  class='avia-slideshow avia-slideshow-1  av-control-hidden av-default-height-applied avia-slideshow-featured av_slideshow_full   avia-fade-slider '  itemprop=\"image\" itemscope=\"itemscope\" itemtype=\"https:\/\/schema.org\/ImageObject\" ><ul class='avia-slideshow-inner ' style='padding-bottom: 28.666666666667%;' ><li  class=' slide-1 ' ><div data-rel='slideshow-1' class='avia-slide-wrap '   ><img src='https:\/\/www.capitulodeflebologia.org\/wp-content\/uploads\/2019\/08\/Flebologia-slider-2BN-1500x430.jpg' width='1500' height='430' title='Flebologia-slider-2BN' alt=''  itemprop=\"thumbnailUrl\"   \/><\/div><\/li><li  class=' slide-2 ' ><div data-rel='slideshow-1' class='avia-slide-wrap '   ><img src='https:\/\/www.capitulodeflebologia.org\/wp-content\/uploads\/2019\/08\/Flebologia-slider-3BN-1500x430.jpg' width='1500' height='430' title='Flebologia-slider-3BN' alt=''  itemprop=\"thumbnailUrl\"   \/><\/div><\/li><li  class=' slide-3 ' ><div data-rel='slideshow-1' class='avia-slide-wrap '   ><img src='https:\/\/www.capitulodeflebologia.org\/wp-content\/uploads\/2019\/08\/Flebologia-slider-1BN-1500x430.jpg' width='1500' height='430' title='Flebologia-slider-1BN' alt=''  itemprop=\"thumbnailUrl\"   \/><\/div><\/li><\/ul><div class='avia-slideshow-arrows avia-slideshow-controls'><a href='#prev' class='prev-slide' aria-hidden='true' data-av_icon='\ue87c' data-av_iconfont='entypo-fontello'>Previous<\/a><a href='#next' class='next-slide' aria-hidden='true' data-av_icon='\ue87d' data-av_iconfont='entypo-fontello'>Next<\/a><\/div><div class='avia-slideshow-dots avia-slideshow-controls'><a href='#1' class='goto-slide active' >1<\/a><a href='#2' class='goto-slide ' >2<\/a><a href='#3' class='goto-slide ' >3<\/a><\/div><div class = \"caption_fullwidth av-slideshow-caption caption_bottom\"><div class = \"container caption_container\"><div class = \"slideshow_caption\"><div class = \"slideshow_inner_caption\"><div class = \"slideshow_align_caption\"><h2  class='avia-caption-title  '  itemprop=\"name\" >About our History. Photo Gallery<\/h2><\/div><\/div><\/div><\/div><\/div><\/div><\/div>\n<div id='av_section_1' class='avia-section main_color avia-section-default avia-no-border-styling avia-bg-style-scroll  avia-builder-el-1  el_after_av_slideshow_full  avia-builder-el-last   container_wrap fullsize' style=' '  ><div class='container' ><div class='template-page content  av-content-full alpha units'><div class='post-entry post-entry-type-page post-entry-2288'><div class='entry-content-wrapper clearfix'>\n<div style='height:50px' class='hr hr-invisible   avia-builder-el-2  el_before_av_one_full  avia-builder-el-first  '><span class='hr-inner ' ><span class='hr-inner-style'><\/span><\/span><\/div>\n<div class=\"flex_column av_one_full  flex_column_div av-zero-column-padding first  avia-builder-el-3  el_after_av_hr  el_before_av_hr  \" style='border-radius:0px; '><section class=\"av_textblock_section \"  itemscope=\"itemscope\" itemtype=\"https:\/\/schema.org\/CreativeWork\" ><div class='avia_textblock  '   itemprop=\"text\" ><p><strong>CAPITULO IX<\/strong><\/p>\n<p><strong>EL CAPITULO ESPA\u00d1OL DE FLEBOLOGIA DE LA SEACV<br \/>\n<\/strong>Jos\u00e9 R Escudero<\/p>\n<p><strong><br \/>\nINTRODUCCION:<br \/>\n<\/strong><br \/>\nEl Cap\u00edtulo Espa\u00f1ol de Flebolog\u00eda \u00a0(CEF) de la SEACV es una de las treinta y tres Sociedades de la Uni\u00f3n Internacional de Flebolog\u00eda (UIP), y representante de pleno derecho de Espa\u00f1a en la misma, desde el a\u00f1o 1992. El CEF de la SEACV est\u00e1 registrado en el Registro de Asociaciones del Ministerio del Interior, y en posesi\u00f3n de las Marcas y Registros propios de su actividad y fines docentes.<\/p>\n<p>La Secretar\u00eda T\u00e9cnica del mismo est\u00e1 ubicada en la sede de FAES FARMA en Bilbao.<\/p>\n<p><strong><br \/>\nOr\u00edgenes:<br \/>\n<\/strong><br \/>\nA finales del a\u00f1o 1989, la Junta Directiva de la Sociedad Espa\u00f1ola de Angiolog\u00eda y Cirug\u00eda Vascular, crea una comisi\u00f3n de trabajo para el estudio de la creaci\u00f3n de\u00a0 Cap\u00edtulos en el \u00e1mbito de la misma. La correspondiente al Cap\u00edtulo de Flebolog\u00eda la componen los Dres. R.Torres, C.Marsal, M. Marco Luque, J. Latorre y E. Samaniego quien la preside. El proyecto de esta Comisi\u00f3n cristaliz\u00f3 en una Gestora cuyo objetivo fue la redacci\u00f3n del borrador de Estatutos. La presidi\u00f3 el Dr. E. Samaniego, actuando de secretario el Dr. J. Latorre, de tesorero el Dr. M. Azcona y de vocales los Dres. P. Castells, C. Marsal, A. Pacho, R. Pe\u00f1afiel y R. Torres.<br \/>\nEn la primavera de 1992, y en el curso del Congreso Nacional de la Sociedad Espa\u00f1ola de Angiolog\u00eda y Cirug\u00eda Vascular celebrado en la ciudad de Le\u00f3n, los Estatutos fueron aprobados por la Asamblea General. La primera Junta Directiva del Cap\u00edtulo Espa\u00f1ol de Flebolog\u00eda de la SEACV fue elegida en el curso de su I Congreso Nacional, celebrado en la ciudad de San Sebasti\u00e1n en la primavera del a\u00f1o siguiente.<br \/>\nEstuvo integrada por el Dr. E. Samaniego como presidente; los Dres. C. Marsal y A. M. Mateo como Vicepresidentes; el Dr. J. Latorre como secretario; el Dr. A Garc\u00eda Alfageme como tesorero y los vocales Dres. P. Castells, J. M. Guell, V. Ib\u00e1\u00f1ez; M. Mart\u00ednez; J. Mateos, A. Pacho; R. Pe\u00f1afiel y A. Rosendo.<br \/>\nLa primera renovaci\u00f3n estatutaria de la Junta Directiva tuvo lugar en el curso del Congreso Nacional del a\u00f1o 1998, siendo su segundo presidente el Dr. A. M. Mateo. (1998-2001).<\/p>\n<p>Al nombre inicial de Cap\u00edtulo de Flebolog\u00eda se interpuso el t\u00e9rmino Espa\u00f1ol para significarlo ante las Sociedades Internacionales y quedara establecido de forma inequ\u00edvoca qu\u00e9 sociedad\u00a0 representaba de forma oficial a la Flebolog\u00eda Espa\u00f1ola.<\/p>\n<p><strong><br \/>\nMisi\u00f3n:<\/strong><\/p>\n<p>Las Sociedades Cient\u00edficas tienen, en mi criterio, dos misiones fundamentales que definen su raz\u00f3n de ser: el avance cient\u00edfico, y el servicio a las personas.<br \/>\nEl CEF se fund\u00f3 y ha trabajado desde entonces bajo estas dos premisas. Bajo el concepto de Patolog\u00eda Venosa, se incluyen un n\u00famero importante de enfermedades que tienen en com\u00fan su elevada prevalencia, y una morbilidad que comporta una valorable alteraci\u00f3n en la calidad de vida de las personas que las padecen, habitualmente de forma cronificada y ocasiona\u00a0 un gasto elevado de recursos. No obstante estas consideraciones, su asistencia est\u00e1 condicionada, en mi criterio, por una excesiva, y a menudo inaceptable, variabilidad diagn\u00f3stica y terap\u00e9utica. La asistencia de las enfermedades venosas es realizada en nuestro pa\u00eds por un amplio grupo de profesionales de la Medicina, un porcentaje elevado al margen de la titulaci\u00f3n en Angiolog\u00eda y Cirug\u00eda Vascular. El CEF, y desde su fundaci\u00f3n, no tan solo ha sido consciente de esta realidad, sino tambi\u00e9n sensible a la misma. Por ello uno de sus objetivos es aglutinar a todos aquellas personas del \u00e1mbito profesional de la Medicina, que deseen aportar y constrastar sus conocimientos y experiencias, y est\u00e9n dispuestos a debatirlas con un sentido cr\u00edtico y riguroso.<\/p>\n<p>El CEF quiere ser reconocido fundamentalmente y por encima de otras consideraciones, como un grupo de trabajo, cuya misi\u00f3n es avanzar en el conocimiento y la eficiente pr\u00e1ctica de la Patolog\u00eda Venosa.<\/p>\n<p><img loading=\"lazy\" class=\"alignnone size-full wp-image-949 aligncenter\" src=\"http:\/\/www.capitulodeflebologia.org\/wp-content\/uploads\/2019\/10\/historia-1.jpg\" alt=\"\" width=\"400\" height=\"565\" srcset=\"https:\/\/www.capitulodeflebologia.org\/wp-content\/uploads\/2019\/10\/historia-1.jpg 972w, https:\/\/www.capitulodeflebologia.org\/wp-content\/uploads\/2019\/10\/historia-1-213x300.jpg 213w, https:\/\/www.capitulodeflebologia.org\/wp-content\/uploads\/2019\/10\/historia-1-768x1084.jpg 768w, https:\/\/www.capitulodeflebologia.org\/wp-content\/uploads\/2019\/10\/historia-1-730x1030.jpg 730w, https:\/\/www.capitulodeflebologia.org\/wp-content\/uploads\/2019\/10\/historia-1-499x705.jpg 499w, https:\/\/www.capitulodeflebologia.org\/wp-content\/uploads\/2019\/10\/historia-1-450x635.jpg 450w\" sizes=\"(max-width: 400px) 100vw, 400px\" \/><\/p>\n<p style=\"text-align: center;\"><strong><u>FIGURA 1<\/u><\/strong><\/p>\n<p style=\"text-align: center;\"><em>Editorial\u00a0 en la que se expresaba la misi\u00f3n y los objetivos del Cap\u00edtulo de Flebolog\u00eda.\u00a0 (Angiolog\u00eda 2002; 54 (4): 267-69)<\/em><\/p>\n<p><strong><br \/>\nObjetivos: <\/strong><\/p>\n<p>Los fines con los que naci\u00f3 esta asociaci\u00f3n son:<\/p>\n<ol>\n<li>Promover las investigaciones epidemiol\u00f3gicas, etiopatog\u00e9nicas y terap\u00e9uticas sobre las enfermedades venosas e impulsar el estudio de factores sociales y econ\u00f3micos que incidan en ellas.<\/li>\n<li>Asesorar a personas e instituciones interesadas en el campo de la flebolog\u00eda y contribuir a la difusi\u00f3n del m\u00e9todo de estudio de las enfermedades venosas y de los avances cient\u00edficos que se produzcan en las mismas.<\/li>\n<li>Velar por la defensa y correcta pr\u00e1ctica de este campo de la patolog\u00eda vascular.<\/li>\n<\/ol>\n<p><strong><br \/>\nActividades<\/strong><br \/>\nPara la consecuci\u00f3n de dichos fines se llevan a cabo, previo el cumplimiento de los requisitos legales establecidos, las siguientes actividades:<\/p>\n<ol>\n<li>Reuniones cient\u00edficas ordinarias<\/li>\n<li>Reuniones cient\u00edficas extraordinarias.<\/li>\n<li>Grupos de trabajo y actividades diversas de car\u00e1cter cient\u00edfico o social, recabando en su caso, el apoyo de organismos oficiales.<\/li>\n<li>Coopera con las organizaciones nacionales o extranjeras cuyos objetivos e intereses sean afines a los del CEF<\/li>\n<li>Utiliza como \u00f3rgano de difusi\u00f3n de sus actividades la revista ANGIOLOG\u00cdA<\/li>\n<\/ol>\n<p><strong><br \/>\nFUNDACI\u00d3N DEL CEF:<\/strong><\/p>\n<p>En las primeras p\u00e1ginas del Libro de Actas del CEF, el Dr E. Samaniego anticipa una breve rese\u00f1a hist\u00f3rica al documento del Acta de Constituci\u00f3n y explica las connotaciones que en aquel momento incitaron a pensar en la necesidad de una sociedad que profundizara en los aspectos flebol\u00f3gicos de la Angiolog\u00eda y acortara las diferencias de protagonismo con la patolog\u00eda arterial.<\/p>\n<p>Adem\u00e1s de servir de homenaje a los iniciadores de este viaje he querido respetar y no alterar o malinterpretar el contenido, por lo que trascribo las palabras tal y como las escribi\u00f3 el Dr E. Samaniego y como aparecen en el Libro de Actas:<\/p>\n<p><strong><em>Breve rese\u00f1a hist\u00f3rica del Cap\u00edtulo de Flebolog\u00eda (CF):<\/em><\/strong><\/p>\n<p><em>Hac\u00eda a\u00f1os que exist\u00eda el deseo de fundar una Sociedad de Flebolog\u00eda de \u00e1mbito nacional, no s\u00f3lo por un sector de miembros de la Sociedad Espa\u00f1ola de Angiolog\u00eda y Cirug\u00eda Vascular (SEACV), sino por parte tambi\u00e9n de grupos no vinculados a la SEACV y apoyados por la Uni\u00f3n Internacional de Flebolog\u00eda (UIF).<\/em><\/p>\n<p><strong><em>Primavera 1989. Reuni\u00f3n de la Sociedad Norte de Angiolog\u00eda y Cirug\u00eda Vascular (SNACV):<\/em><\/strong><\/p>\n<p><em>Durante la Asamblea surge el tema de que han aparecido una serie de art\u00edculos de prensa sobre el tratamiento de las varices, etc, haci\u00e9ndose una propaganda deontologicamente dudosa. Por este motivo el colectivo de especialistas de Arag\u00f3n solicitaba en Asamblea la intervenci\u00f3n de la SNACV en este asunto y adem\u00e1s se propuso la fundaci\u00f3n de una Sociedad Espa\u00f1ola de Flebolog\u00eda, ambos temas fueron apoyados por abrumadora mayor\u00eda. El primer punto lo trasladamos a la SEACV, que tras pedir amplia informaci\u00f3n al Dr Marco Luque encarg\u00f3 de este caso a dos miembros del Comit\u00e9 Cient\u00edfico: los Dres Guell y Barreiro.<\/em><\/p>\n<p><em>En cuanto a la creaci\u00f3n de una Sociedad Espa\u00f1ola de Flebolog\u00eda, como Presidente de aquella Asamblea me compromet\u00ed a encauzar este mandato. Coincidi\u00f3 en ese momento que yo era Presidente de la Norte y vicepresidente de la Espa\u00f1ola de Angiolog\u00eda y Cirug\u00eda Vascular. Estaba en mi \u00e1nimo que no existiera una Sociedad de Flebolog\u00eda desligada de la SEACV. A partir de este momento y con el apoyo mayoritario de ambas Directivas, se inici\u00f3 el camino para la creaci\u00f3n de lo que luego ser\u00eda el Cap\u00edtulo de Flebolog\u00eda de la SEACV<\/em><\/p>\n<p><strong><em>Oto\u00f1o 1989:<\/em><\/strong><\/p>\n<p><em>En reuni\u00f3n de Junta Directiva presidida por el Dr Jim\u00e9nez Coss\u00edo, se decide poner en marcha la creaci\u00f3n de Cap\u00edtulos que desarrollen distintos aspectos de nuestra especialidad, para ello fui encargado de redactar una especie de reglamento con los puntos indispensables necesarios para a fundaci\u00f3n de un Cap\u00edtulo en el seno de la SEACV. Esta proposici\u00f3n de Reglamento fue discutida y debidamente corregida en Junta de la SEACV quedando definitivamente redactado el Reglamento para la Formaci\u00f3n de Cap\u00edtulos de la SEACV. Solamente un vocal de la Junta vot\u00f3 en contra de la existencia de Cap\u00edtulo.<\/em><\/p>\n<p><strong><em>Primavera 1990: <\/em><\/strong><\/p>\n<p><em>Con la inestimable labor y colaboraci\u00f3n del Dr Marsal y bas\u00e1ndonos en el Reglamento para la formaci\u00f3n de Cap\u00edtulos y fieles al mismo, redactamos los Estatutos del Cap\u00edtulo de Flebolog\u00eda. Estos estatutos son revisados en Junta Directiva de la SEACV y apoyados por la misma.<\/em><\/p>\n<p><strong><em>Congreso Nacional de la SEACV en Barcelona:<\/em><\/strong><\/p>\n<p><em>En la Asamblea General y a modo informativo leo los Estatutos del CF que fueron criticados con dureza por un grupo minoritario pero importante. Durante este Congreso se recibi\u00f3 el apoyo, en bloque al CF, por parte de las Sociedades Norte, Andaluza y Centro de Angiolog\u00eda y Cirug\u00eda Vascular pero a pesar de todo pensamos que era prudente no precipitarse en la constituci\u00f3n del Cap\u00edtulo y que deb\u00edamos seguir paso a paso, convenciendo y no imponiendo, no cabe duda de que se trata de un cambio que debe ser asimilado<\/em><\/p>\n<p><em>En las siguientes reuniones de Junta Directiva de la SEACV se decide, con un solo voto en contra, seguir adelante con los Cap\u00edtulos y presentar para el siguiente Congreso Nacional en Asamblea, la votaci\u00f3n para la aceptaci\u00f3n o no del Reglamento de Formaci\u00f3n de Cap\u00edtulos de la SEACV<\/em><\/p>\n<p><strong><em>Primavera 1991:<\/em><\/strong><\/p>\n<p><strong><em>Congreso Nacional de la SEACV en Benalm\u00e1dena:<\/em><\/strong><\/p>\n<p><em>Se presenta en Asamblea el Reglamento para la Formaci\u00f3n de Cap\u00edtulos de la SEACV el cual es aprobado por amplia mayor\u00eda. Nos comprometemos en tener ultimado el proyecto del CF, para someterlo a votaci\u00f3n en la Asamblea del siguiente Congreso Nacional<\/em><\/p>\n<p><strong><em>Oto\u00f1o 1991:<\/em><\/strong><\/p>\n<p><strong><em>Congreso de la Uni\u00f3n Internacional de Flebolog\u00eda. Viena:<\/em><\/strong><\/p>\n<p><em>Frenamos el reconocimiento, por parte de la UIF, de una Sociedad Espa\u00f1ola de Flebolog\u00eda ajena a la SEACV y conseguimos que se nos espere a la aceptaci\u00f3n del CF por parte de la SEACV. Para ello colaboramos estrechamente los Dres. M. Azcona, J.A. Jim\u00e9nez Coss\u00edo, J. Latorre y E. Samaniego entrevist\u00e1ndonos con los Dres. Stemmer, Davy, Van der Stricht, etc.<\/em><\/p>\n<p><strong><em>Primavera 1992:<\/em><\/strong><\/p>\n<p><strong><em>Reuni\u00f3n preliminar Estatutaria del Cap\u00edtulo de Flebolog\u00eda. San Sabastian:<\/em><\/strong><\/p>\n<p><em>Se presentaron las cincuenta firmas de apoyo necesarias para la creaci\u00f3n del Cap\u00edtulo. Se discuti\u00f3 la redacci\u00f3n definitiva de los Estatutos para presentarlos a la Asamblea del Congreso Nacional de la SEACV. Se nombr\u00f3 una Junta Directiva Transitoria, formada por:<\/em><\/p>\n<ul>\n<li><em>Presidente: E Samaniego.<\/em><\/li>\n<li><em>Secretario: J Latorre.<\/em><\/li>\n<li><em>Tesorero: M Azcona.<\/em><\/li>\n<li><em>Vocales: P Castells, C Marsal, A. Pacho; R. Pe\u00f1afiel y R Torres.<\/em><\/li>\n<\/ul>\n<p><strong><em>Congreso Nacional de la SEACV. Le\u00f3n:<\/em><\/strong><\/p>\n<p><em>En la Asamblea General es aceptado el CF por amplia mayor\u00eda. A partir de este momento constituimos la representaci\u00f3n oficial de la Flebolog\u00eda Espa\u00f1ola, pero siempre dependientes de la SEACV. Finalmente se ha constituido el Cap\u00edtulo de Flebolog\u00eda.<\/em><\/p>\n<p><strong><em>Oto\u00f1o 1992:<\/em><\/strong><\/p>\n<p><strong><em>Congreso de la UIF. Montreal:<\/em><\/strong><\/p>\n<p><em>El CF es admitido como Miembro de la Uni\u00f3n Internacional de Flebolog\u00eda en representaci\u00f3n de Espa\u00f1a. Interesa saber que en el seno de UIF no puede existir m\u00e1s de una Sociedad en representaci\u00f3n de cada Pa\u00eds. Pasan a formar parte del Consejo Directivo de la UIF los Dres. JA Jim\u00e9nez Coss\u00edo y E. Samaniego.<\/em><\/p>\n<p><strong><em>1\u00aa Reuni\u00f3n de la Junta Directiva del CF. Zaragoza:<\/em><\/strong><\/p>\n<p><em>Las sedes quedan establecidas de la siguiente forma:<\/em><\/p>\n<ul>\n<li><em>Presidencia \u00a0 \u00a0 \u00a0 \u00a0 San Sebastian\u00a0 \u00a0 \u00a0 \u00a0 \u00a0 E Samaniego<\/em><\/li>\n<li><em>Secretaria\u00a0 \u00a0 \u00a0 \u00a0 \u00a0 \u00a0Barcelona\u00a0 \u00a0 \u00a0 \u00a0 \u00a0 \u00a0 \u00a0 \u00a0 \u00a0J Latorre<\/em><\/li>\n<li><em>Tesorer\u00eda\u00a0 \u00a0 \u00a0 \u00a0 \u00a0 \u00a0 \u00a0Zaragoza \u00a0 \u00a0 \u00a0 \u00a0 \u00a0 \u00a0 \u00a0 \u00a0 M Azcona<\/em><\/li>\n<li><em>Secretar\u00eda\u00a0 \u00a0 \u00a0 \u00a0 \u00a0 \u00a0T\u00e9cnica Bilbao \u00a0 \u00a0 \u00a0 \u00a0 Laboratorios FAES<\/em><\/li>\n<\/ul>\n<p><strong><em>Primavera de 1993:<\/em><\/strong><\/p>\n<p><strong><em>Congreso Nacional de CF. San Sebastian: <\/em><\/strong><\/p>\n<p><em>En Asamblea son nombrados: La primera Junta Directiva y el Primer Comit\u00e9 Cient\u00edfico del CF. En la misma (referenciada posteriormente) se incluyen a los Dres. F Gutierrez Vallejo, A Martorell Otzet y JM\u00aa Zald\u00faa Alberdi como miembros de honor.<\/em><\/p>\n<p><em>He narrado aquellos pasos m\u00e1s importantes del porqu\u00e9 y el c\u00f3mo de la fundaci\u00f3n del Cap\u00edtulo de Flebolog\u00eda. Han existido enfrentamientos, abandonos temporales y definitivos, discusiones, etc, pero en ning\u00fan momento ha habido un choque personal, siempre nos hemos movido en el campo de las ideas y buscando lo mejor para la Sociedad Espa\u00f1ola de Angiolog\u00eda y Cirug\u00eda Vascular.<\/em><\/p>\n<p><em>El agradecimiento para aquella mayor\u00eda que ha apoyado el proyecto y tambi\u00e9n para todos aquellos que con sus cr\u00edticas han contribuido a mejorarlo.<\/em><\/p>\n<p><em>Actualmente el CF est\u00e1 a punto de celebrar su tercer Congreso Nacional, ha sido admitido en la Sociedad Panamericana de Flebo-Linfolog\u00eda como miembro de pleno derecho. Nuestro deseo es que el CF siga cumpliendo sus objetivos en el seno de la SEACV.<\/em><\/p>\n<p style=\"text-align: right;\"><em>\u00a0 \u00a0 \u00a0 \u00a0 \u00a0 \u00a0 \u00a0 \u00a0 \u00a0 \u00a0 \u00a0 \u00a0 \u00a0 \u00a0 \u00a0 \u00a0 \u00a0 \u00a0San Sebastian, Primavera 1995.<\/em><\/p>\n<p style=\"text-align: center;\"><img loading=\"lazy\" class=\"alignnone size-full wp-image-950\" src=\"http:\/\/www.capitulodeflebologia.org\/wp-content\/uploads\/2019\/10\/historia-2.jpg\" alt=\"\" width=\"700\" height=\"517\" srcset=\"https:\/\/www.capitulodeflebologia.org\/wp-content\/uploads\/2019\/10\/historia-2.jpg 1660w, https:\/\/www.capitulodeflebologia.org\/wp-content\/uploads\/2019\/10\/historia-2-300x222.jpg 300w, https:\/\/www.capitulodeflebologia.org\/wp-content\/uploads\/2019\/10\/historia-2-768x567.jpg 768w, https:\/\/www.capitulodeflebologia.org\/wp-content\/uploads\/2019\/10\/historia-2-1030x761.jpg 1030w, https:\/\/www.capitulodeflebologia.org\/wp-content\/uploads\/2019\/10\/historia-2-1500x1108.jpg 1500w, https:\/\/www.capitulodeflebologia.org\/wp-content\/uploads\/2019\/10\/historia-2-705x521.jpg 705w, https:\/\/www.capitulodeflebologia.org\/wp-content\/uploads\/2019\/10\/historia-2-450x332.jpg 450w\" sizes=\"(max-width: 700px) 100vw, 700px\" \/><\/p>\n<p style=\"text-align: center;\"><strong><u>FIGURA 2<\/u><\/strong><\/p>\n<p style=\"text-align: center;\"><em>Fotograf\u00eda del Grupo Fundacional del CEF.\u00a0 San Sebastian, Palacio de Miramar, 22 de febrero de 1992.<\/em><\/p>\n<p><strong>\u00a0<\/strong><\/p>\n<p><strong>ACTA DE CONSTITUCI\u00d3N DE LA ASOCIACI\u00d3N:<\/strong><\/p>\n<p>\u201cEn San Sebastian, a las 16 horas del d\u00eda 20-3-93, en el Hotel M\u00aa Cristina, se re\u00fanen E Samaniego, C Marsal, J Latorre y AM Garc\u00eda- Alfageme, todas mayores de edad y actuando en su propio nombre. A fin de ordenar la celebraci\u00f3n de la reuni\u00f3n se elige por unanimidad a D. E.\u00a0 Samaniego para que presida la misma y a D. J Latorre para que act\u00fae de secretario. Se acuerda remitir al Registro de Asociaci\u00f3n del Ministro del Interior para su inscripci\u00f3n en el mismo a los solos efectos de publicidad, copia por duplicado de la presente Acta de Constituci\u00f3n firmada por todos los fundadores y de los Estatutos mencionados en el acuerdo anterior firmado por el Presidente y el Secretario de la Junta Directiva\u201d.<\/p>\n<p><strong><u>Primera Junta Directiva (1993 &#8211; 2001)<\/u><\/strong><\/p>\n<p>Presidente: E Samaniego<\/p>\n<p>Vicepresidentes: C Marsal y AM Mateo<\/p>\n<p>Secretario: J. Latorre<\/p>\n<p>Tesorero: A Garcia Alfageme<\/p>\n<p>Vocales: P Castells, JM\u00aa Guell, V Iba\u00f1ez, M Mart\u00ednez P\u00e9rez, J Mateos, JM\u00aa O\u00f1ate, A Pacho, R Pe\u00f1afiel, A Rosendo<\/p>\n<p>Comit\u00e9 Cient\u00edfico: JM Azcona, JA Jim\u00e9nez Cossio, J Marinel.lo, E Ros Die, Ram\u00f3n Torres<\/p>\n<p>Secretar\u00eda T\u00e9cnica: Faes Farma<\/p>\n<p><strong><u>Segunda Junta Directiva (1997 \u2013 2001)<\/u><\/strong><\/p>\n<p>Presidente: AM Mateo<\/p>\n<p>Vicepresidentes: JA Jim\u00e9nez Cossio y J Latorre<\/p>\n<p>Secretario: J Marinel.lo<\/p>\n<p>Tesorero: J Pacho<\/p>\n<p>Vocales: V Hermoso, A Masegosa, G Collado, C Miquel, JM\u00aa Cubr\u00eda, R G\u00f3mez Medialdea, SJ Rodr\u00edguez, EO San Segundo, LA Carpintero, JR Garc\u00eda, P Castells.<\/p>\n<p>Vocales por delegaci\u00f3n de la SEACV: C Cuesta, A L\u00f3pez<\/p>\n<p>Comit\u00e9 Cient\u00edfico: J Maeso, V Ib\u00e1\u00f1ez, PJ Magall\u00f3n, R Pe\u00f1afiel.<\/p>\n<p>Secretar\u00eda T\u00e9cnica: Faes Farma<\/p>\n<p><strong><u>Tercera \u00a0Junta Directiva (2001 &#8211; 2005)<\/u><\/strong><\/p>\n<p>Presidente: J Marinel.lo<\/p>\n<p>Vicepresidentes: R Gesto y A Masegosa<\/p>\n<p>Secretario: V Ib\u00e1\u00f1ez<\/p>\n<p>Tesorero: J Pacho<\/p>\n<p>Vocales: J Bofill, A Garcia-Alfageme, V Garc\u00eda- Rospide, V Hermoso, P Magall\u00f3n, V Martin-Paredero, A Rosendo, W Villafana.<\/p>\n<p>Comit\u00e9 Cient\u00edfico: J Alvarez, G Collado, N Garc\u00eda- Honduvilla, C Villaverde<\/p>\n<p>Secretar\u00eda T\u00e9cnica: Faes Farma<\/p>\n<p>El Dr. W Villafana no lleg\u00f3 a tomar posesi\u00f3n de su cargo al fallecer de accidente automovil\u00edstico el mismo d\u00eda en que se renovaba la Junta Directiva y fue sustituido por el Dr. JR Escudero.<\/p>\n<p><strong><u>Cuarta \u00a0Junta Directiva (2005 &#8211; 2007)<\/u><\/strong><\/p>\n<p>Presidente: A Masegosa<\/p>\n<p>Vicepresidentes: V Ib\u00e1\u00f1ez y JR Escudero<\/p>\n<p>Secretario: P Carre\u00f1o<\/p>\n<p>Tesorero: J Pacho<\/p>\n<p>Vocales: J Bofill,\u00a0 R G\u00f3mez Medialdea, J Hospedales, A Rosendo, E Latorre, A Arroyo, R Rial,<\/p>\n<p>Comit\u00e9 Cient\u00edfico: J Alvarez, G Collado, V Garc\u00eda Rospide, V Martin Paredero<\/p>\n<p>Secretar\u00eda T\u00e9cnica: Faes Farma<\/p>\n<p><strong><u>Quinta Junta Directiva (2007 &#8211;\u00a0\u00a0 )<\/u><\/strong><\/p>\n<p>Presidente: JR Escudero<\/p>\n<p>Vicepresidentes: V Iba\u00f1ez y J Alvarez<\/p>\n<p>Secretario: P Carre\u00f1o<\/p>\n<p>Tesorero: J Pacho<\/p>\n<p>Vocales: J Bofill, V Garc\u00eda Rospide, R G\u00f3mez Medialdea, J Hospedales, M\u00aa V Arcediano, E Latorre, A Arroyo, R Rial<\/p>\n<p>Comit\u00e9 Cient\u00edfico: G Collado, V Garc\u00eda Rospide, V Martin Paredero, MI S\u00e1nchez Nevarez.<\/p>\n<p>Los primeros \u00a0a\u00f1os de mi presidencia coincidieron con la continuidad \u00a0de algunos miembros de la \u00a0Junta del Dr Masegosa; por dicho motivo y por que L.J. Alvarez opt\u00f3 a la Vicepresidencia de la SEACV, tuvo que renovarse parcialmente\u00a0 la Junta en el a\u00f1o 2009, quedando confeccionada de la siguiente forma:<\/p>\n<p>Presidente: JR Escudero<\/p>\n<p>Vicepresidentes: V Iba\u00f1ez y V. Martin Paredero<\/p>\n<p>Secretaria: M Davins<\/p>\n<p>Tesorero: J Pacho<\/p>\n<p>Vocales: J Bofill, V Garc\u00eda Rospide, C Puigdellivol, J Hospedales, M\u00aa V Arcediano, E Latorre, A Arroyo, R Rial<\/p>\n<p>Comit\u00e9 Cient\u00edfico: F Fern\u00e1ndez, V Garc\u00eda Rospide, MI S\u00e1nchez Nevarez, A Romera<\/p>\n<p><strong>SECRETAR\u00cdA T\u00c9CNICA:<\/strong><\/p>\n<p>Las actividades de secretar\u00eda t\u00e9cnica ha dependido de Laboratorios Faes Farma y fue llevada a cabo por las siguientes personas:<\/p>\n<ol>\n<li>Cesar de Francisco (1992 &#8211; 1996)<\/li>\n<li>Angela Azcoitia(1996 &#8211; 1998)<\/li>\n<li>Raquel Rom\u00e1n (1998 &#8211; 2000)<\/li>\n<li>Germ\u00e1n Fern\u00e1ndez-Cano (2000 &#8211; 2008)<\/li>\n<li>Rafael Esteban, (2008 &#8211; 2010)<\/li>\n<\/ol>\n<p><strong>ORGANIZACI\u00d3N CONGRESOS:<\/strong><\/p>\n<p>La organizaci\u00f3n de los congresos y cursos del CEF ha sido responsabilidad en la gran mayor\u00eda de las veces de la empresa Congresos XXI, dirigida por Carmen Sinobas. En la actualidad tambi\u00e9n es la responsable, junto a FAES de la gesti\u00f3n de socios en cuanto a los comunicados y el cobro de cuotas.<\/p>\n<p><strong>P\u00c1GINA WEB: <\/strong><strong>www.capitulodeflebologia.org<\/strong><strong>\u00a0 (inicialmente <\/strong><strong>www.capflebo.org<\/strong><strong>)<\/strong><\/p>\n<p>Impulsada durante la Junta del Dr A.M. Mateo y coordinada inicialmente por el Dr J. Maeso. Su creaci\u00f3n y su mantenimiento tambi\u00e9n ha necesitado del apoyo de la Industria farmac\u00e9utica. Laboratorios FAES- Farma ha sufragado el principal gasto del la web y permitido que junto a la empresa Distans 80 y al Webmaster del CEF (Guillermo Basterra)\u00a0 de forma progresiva hayamos aumentado y mejorado el contenido. Laboratorios Leo-Pharma, inicialmente Compa\u00f1\u00eda Farmac\u00e9utica Farmacus\u00ed representados por Yolanda Sola,\u00a0 han coordinado y apoyado desde enero del 2004 el Aula TVP y todos sus apartados (consensos, concursos casos cl\u00ednicos, bibliograf\u00eda comentada&#8230;).<\/p>\n<p><strong>Agradecimientos:<\/strong><\/p>\n<p>Quisiera dedicar unos p\u00e1rrafos para agradecimiento a las personas que han representado a estas empresas por su apoyo y predisposici\u00f3n continua a todas las peticiones que personalmente o desde la Junta del CEF hemos solicitado en alg\u00fan momento.<\/p>\n<p>No puedo olvidar la participaci\u00f3n del resto de personas que desde la Industria Farmac\u00e9utica han colaborado en las actividades cient\u00edficas del CEF, han solicitado auspicio al mismo para cursos o trabajos cient\u00edficos y han permitido que se desarrollen nuestros congresos con un alto nivel de participaci\u00f3n. Gracias especiales a todos los que han sido o son socios esponsorizantes del CEF: Intex, Rovi, Servier, Medilast, Smith &#038; Nephew, , Uriach, Sanofi, Ganzoni Sigvaris, Novartis, Cinfa Farmalastic, Leo Pharma, Farmavari, Convatec, Medi-Bayreuth, Sankyo-Pharma y Salvat.<\/p>\n<p><strong>MIEMBROS DE HONOR:<\/strong><\/p>\n<p>La JD presidida por el Dr. Samaniego acord\u00f3 nombrar <strong>Miembros de Honor<\/strong> del Cap\u00edtulo Espa\u00f1ol de Flebolog\u00eda a los Dres. F. Guti\u00e9rrez Vallejo (+); A. Martorell Otzet y \u00a0J. M. Zald\u00faa, y la presidida por el Dr. Marinel.lo, en el Congreso de Oviedo del a\u00f1o 2003, a los Dres. E. Samaniego y A. M. Mateo.<\/p>\n<p><strong>SEDES DE CONGRESOS DEL CEF<\/strong><\/p>\n<table>\n<tbody>\n<tr>\n<td width=\"113\"><strong>1993<\/strong><\/td>\n<td width=\"319\"><strong>SAN SEBASTIAN<\/strong><\/td>\n<\/tr>\n<tr>\n<td width=\"113\"><strong>1994<\/strong><\/td>\n<td width=\"319\"><strong>CORDOBA<\/strong><\/td>\n<\/tr>\n<tr>\n<td width=\"113\"><strong>1995<\/strong><\/td>\n<td width=\"319\"><strong>ALMERI<\/strong><strong>A<\/strong><\/td>\n<\/tr>\n<tr>\n<td width=\"113\"><strong>1996<\/strong><\/td>\n<td width=\"319\"><strong>BARCELONA<\/strong><\/td>\n<\/tr>\n<tr>\n<td width=\"113\"><strong>1997<\/strong><\/td>\n<td width=\"319\"><strong>LA CORU\u00d1A<\/strong><\/td>\n<\/tr>\n<tr>\n<td width=\"113\"><strong>1998<\/strong><\/td>\n<td width=\"319\"><strong>MADRID<\/strong><\/td>\n<\/tr>\n<tr>\n<td width=\"113\"><strong>1999<\/strong><\/td>\n<td width=\"319\"><strong>BENICASIM<\/strong><\/td>\n<\/tr>\n<tr>\n<td width=\"113\"><strong>2000<\/strong><\/td>\n<td width=\"319\"><strong>BARCELONA<\/strong><\/td>\n<\/tr>\n<tr>\n<td width=\"113\"><strong>2001<\/strong><\/td>\n<td width=\"319\"><strong>VALLADOLID<\/strong><\/td>\n<\/tr>\n<tr>\n<td width=\"113\"><strong>2002<\/strong><\/td>\n<td width=\"319\"><strong>MADRID<\/strong><\/td>\n<\/tr>\n<tr>\n<td width=\"113\"><strong>2003<\/strong><\/td>\n<td width=\"319\"><strong>OVIEDO<\/strong><\/td>\n<\/tr>\n<tr>\n<td width=\"113\"><strong>2004<\/strong><\/td>\n<td width=\"319\"><strong>BARCELONA<\/strong><\/td>\n<\/tr>\n<tr>\n<td width=\"113\"><strong>2005<\/strong><\/td>\n<td width=\"319\"><strong>GIRONA<\/strong><\/td>\n<\/tr>\n<tr>\n<td width=\"113\"><strong>2006<\/strong><\/td>\n<td width=\"319\"><strong>MADRID<\/strong><\/td>\n<\/tr>\n<tr>\n<td width=\"113\"><strong>2007<\/strong><\/td>\n<td width=\"319\"><strong>LOGRO\u00d1O<\/strong><\/td>\n<\/tr>\n<tr>\n<td width=\"113\"><strong>2008<\/strong><\/td>\n<td width=\"319\"><strong>BARCELONA<\/strong><\/td>\n<\/tr>\n<tr>\n<td width=\"113\"><strong>2009<\/strong><\/td>\n<td width=\"319\"><strong>ZARAGOZA<\/strong><\/td>\n<\/tr>\n<tr>\n<td width=\"113\"><strong>2010<\/strong><\/td>\n<td width=\"319\"><strong>MADRID<\/strong><\/td>\n<\/tr>\n<\/tbody>\n<\/table>\n<p><strong>PRESIDENTES Y PER\u00cdODOS:<\/strong><\/p>\n<table>\n<tbody>\n<tr>\n<td width=\"216\"><strong>E. SAMANIEGO<\/strong><\/td>\n<td width=\"216\"><strong>1993-1997<\/strong><\/td>\n<\/tr>\n<tr>\n<td width=\"216\"><strong>A.M. MATEO<\/strong><\/td>\n<td width=\"216\"><strong>1998-2001<\/strong><\/td>\n<\/tr>\n<tr>\n<td width=\"216\"><strong>J. MARINEL.LO<\/strong><\/td>\n<td width=\"216\"><strong>2002-2005<\/strong><\/td>\n<\/tr>\n<tr>\n<td width=\"216\"><strong>A. MASEGOSA<\/strong><\/td>\n<td width=\"216\"><strong>2006-2007<\/strong><\/td>\n<\/tr>\n<tr>\n<td width=\"216\"><strong>J.R. ESCUDERO<\/strong><\/td>\n<td width=\"216\"><strong>2008-2011<\/strong><\/td>\n<\/tr>\n<\/tbody>\n<\/table>\n<p><strong><img loading=\"lazy\" class=\"alignnone size-full wp-image-951 aligncenter\" src=\"http:\/\/www.capitulodeflebologia.org\/wp-content\/uploads\/2019\/10\/historia-3.jpg\" alt=\"\" width=\"500\" height=\"660\" srcset=\"https:\/\/www.capitulodeflebologia.org\/wp-content\/uploads\/2019\/10\/historia-3.jpg 748w, https:\/\/www.capitulodeflebologia.org\/wp-content\/uploads\/2019\/10\/historia-3-227x300.jpg 227w, https:\/\/www.capitulodeflebologia.org\/wp-content\/uploads\/2019\/10\/historia-3-534x705.jpg 534w, https:\/\/www.capitulodeflebologia.org\/wp-content\/uploads\/2019\/10\/historia-3-450x594.jpg 450w\" sizes=\"(max-width: 500px) 100vw, 500px\" \/><\/strong><\/p>\n<p style=\"text-align: center;\"><strong><u>FIGURA 3<\/u><\/strong><\/p>\n<p style=\"text-align: center;\"><em>Congreso Nacional del a\u00f1o 2005. De izquierda a derecha: A. Masegosa (presidente entrante); C. Allegra, presidente de la Union International of Phlebology\u00a0 y J. Marinel.lo (presidente saliente).<\/em><\/p>\n<p><img loading=\"lazy\" class=\"alignnone size-full wp-image-952 aligncenter\" src=\"http:\/\/www.capitulodeflebologia.org\/wp-content\/uploads\/2019\/10\/historia-4.jpg\" alt=\"\" width=\"700\" height=\"518\"\" srcset=\"https:\/\/www.capitulodeflebologia.org\/wp-content\/uploads\/2019\/10\/historia-4.jpg 1270w, https:\/\/www.capitulodeflebologia.org\/wp-content\/uploads\/2019\/10\/historia-4-300x222.jpg 300w, https:\/\/www.capitulodeflebologia.org\/wp-content\/uploads\/2019\/10\/historia-4-768x568.jpg 768w, https:\/\/www.capitulodeflebologia.org\/wp-content\/uploads\/2019\/10\/historia-4-1030x762.jpg 1030w, https:\/\/www.capitulodeflebologia.org\/wp-content\/uploads\/2019\/10\/historia-4-705x522.jpg 705w, https:\/\/www.capitulodeflebologia.org\/wp-content\/uploads\/2019\/10\/historia-4-450x333.jpg 450w\" sizes=\"(max-width: 700px) 100vw, 700px\" \/><\/p>\n<p style=\"text-align: center;\"><strong><u>FIGURA 4<\/u><\/strong><\/p>\n<p style=\"text-align: center;\"><em>Congreso Nacional del a\u00f1o 2007. Los cinco presidentes que ha tenido el CEF con el organizador del Congreso. De izquierda a derecha: J Marinel.lo, A Mateo, JR Escudero, S Rodriguez Camarero, A Masegosa y \u00a0E Samaniego.<\/em><\/p>\n<p><strong>ACTIVIDADES Y MOMENTOS A DESTACAR:<\/strong><\/p>\n<p><strong>1-Presidencia Dr E Samaniego:<\/strong><\/p>\n<ul>\n<li>A partir de ahora los Congresos Nacionales de Flebolog\u00eda se har\u00e1n cada dos a\u00f1os conjuntamente con los de la SEACV y los a\u00f1os impares de forma independiente. C\u00f3rdoba. 30 abril 1994.<\/li>\n<li>Desde su inicio se mantuvieron reuniones con la Sociedad Francesa de Flebolog\u00eda cada dos a\u00f1os.<\/li>\n<li>Propuesta de castellano como idioma oficial de la Sociedad Internacional de Flebolog\u00eda. 1995.<\/li>\n<li>Los Dres Guell y Torres presentan su dimisi\u00f3n de los cargos y no son aceptadas, aplaz\u00e1ndose la decisi\u00f3n a la pr\u00f3xima junta del CF. Almer\u00eda 1995.<\/li>\n<li>Entran como vocales nombrados por la SEACV, la Dra Carmen Cuesta y el Dr. Alfonso L\u00f3pez. Almer\u00eda 1995.<\/li>\n<li>El presidente de la SEACV, el Dr JM Callejas notifica los acuerdos de la asamblea de Granada referente a que cada dos a\u00f1os al Congreso Nacional de la SEACV se van a incorporar los diversos cap\u00edtulos.<\/li>\n<li>El IV Congreso del CEF se desarrolla conjuntamente con el VII Congreso Panamericano de Flebolog\u00eda y Linfolog\u00eda en colaboraci\u00f3n con la SEACV. Hotel Arts, Barcelona. 29 de junio 1996.<\/li>\n<li>Despedida del Dr E Samaniego . La Coru\u00f1a. 1997.<\/li>\n<li>Ante la presentaci\u00f3n que el Dr J Cabrera present\u00f3 en La Coru\u00f1a: Un nuevo m\u00e9todo terap\u00e9utico de tratamiento de las malformaciones cong\u00e9nitas. La Junta directiva manifest\u00f3 que el an\u00e1lisis de la presentaci\u00f3n no permite obtener datos objetivos y cient\u00edficos que permitan afirmar que nos encontramos ante un nuevo m\u00e9todo terap\u00e9utico, que pueda aportar un avance valorable de las flebectasias.<\/li>\n<\/ul>\n<p><strong>2-Presidencia del Dr. A.M. Mateo:<\/strong><\/p>\n<ul>\n<li>Durante la Presidencia del Dr Mateo se reducen a 4 los miembros del comit\u00e9 cient\u00edfico.<\/li>\n<li>La primera renovaci\u00f3n estatutaria de la Junta Directiva tuvo lugar en el curso del Congreso Nacional del <strong>a\u00f1o 1998<\/strong>.<\/li>\n<li>Se abre el debate sobre la forma y el modo en que el Dr J Cabrera ha divulgado su nuevo m\u00e9todo para tratamiento de las varices, a trav\u00e9s de una TV durante la entrega de un premio en el Colegio Oficial de M\u00e9dicos de Granada. Se considera excesivamente sensacionalista y propagand\u00edstico y con escaso rigor cient\u00edfico. El Dr J Cabrera responde que no pretend\u00eda darle un car\u00e1cter elitista a su nueva t\u00e9cnica y que personalmente est\u00e1 atado de pies y manos por parte del laboratorio farmac\u00e9utico que va a comercializarle el medio esclerosante, siendo su profundo deseo mostrar el m\u00e9todo y evitar el ocultismo.<\/li>\n<li>Reuni\u00f3n o entrevista con el Director Gral. de Asistencia Especializada, Dr. Rafael Matesanz, para comentar aspectos del tratamiento prestado por dicho Insalud a los pacientes varicosos de varias provincias incluidas en su zona de competencia y referido tanto a los centros propios como concertados.<\/li>\n<li>Reuniones que como representante del CF tuvo, juntamente con el Presidente de la SEACV, Dr. M. Luque, con representantes del Ministerio de Sanidad y Consumo, a fin de establecer protocolos para la gesti\u00f3n de las listas de espera de cirug\u00eda venosa, y que llev\u00f3 a un Protocolo, elaborado en el a\u00f1o de 1999 con una serie de recomendaciones para la inclusi\u00f3n en lista de espera quir\u00fargica de pacientes con varices.<\/li>\n<li>El Presidente expuso al Sr. Director General los casos de denuncias por mala asistencia, notas de prensa sobre incidentes, complicaciones recogidas y resultados adversos de los que ten\u00eda conocimiento a trav\u00e9s de las informaciones enviadas por Especialistas de las diversas ciudades afectadas. Sobre todo en materia de conciertos, insistiendo en la necesidad de que el tratamiento quir\u00fargico de las Varices fuera realizado por m\u00e9dicos con T\u00edtulo de Especialista en Angiolog\u00eda y Cirug\u00eda Vascular.<\/li>\n<li>Tambi\u00e9n expuso el Presidente los problemas interprofesionales causados por estos conciertos, que, en alg\u00fan caso han llegado a los tribunales de justicia. Adem\u00e1s de la problem\u00e1tica que ahora se causa a los pacientes intervenidos, sobre todo por equipos contratados temporalmente. Ya que el seguimiento o revisi\u00f3n de pacientes operados debe ser realizado por otros profesionales, quienes pueden \u00e9ticamente negarse a asumir resultados o complicaciones que no les son imputables.<\/li>\n<li>El Cap\u00edtulo dirigi\u00f3 Carta al Ministerio de Sanidad y Director General de Farmacia, sobre la conveniencia de mantener los medicamentos venot\u00f3nicos en las prestaciones de la Sanidad P\u00fablica, manteniendo su eficacia y su actividad terap\u00e9utica, con el dato de que no admiten sustituci\u00f3n por otro medicamento.<\/li>\n<\/ul>\n<p><strong>3-Presidencia del Dr J Marinel.lo:<\/strong><\/p>\n<ul>\n<li>En el 2001 el Dr J. Pacho inicia su etapa de Tesorero que se mantiene hasta la actualidad.<\/li>\n<li>El Dr Villafana miembro de la candidatura del Dr J R Marinel.lo no pudo estrenarse al fallecer en un accidente de tr\u00e1fico; su vocal\u00eda es asumida por el Dr. J R Escudero.<\/li>\n<li>La etapa del Dr Marinel.lo destaca por la puesta en marcha de Grupos de trabajo con el objetivo de crear documentos de consenso y gu\u00edas de actuaci\u00f3n propias del CEF:<\/li>\n<\/ul>\n<ol>\n<li style=\"list-style-type: none;\">\n<ol>\n<li>Tratamiento extrahospitalario de la trombosis venosa profunda.<\/li>\n<li>Registro sobre recidiva varicosa.<\/li>\n<li>Tratamiento extrahospitaario de la TVP.<\/li>\n<li>Terap\u00e9utica de compresi\u00f3n.<\/li>\n<li>Publicaci\u00f3n libro de patolog\u00eda venosa dirigido a la atenci\u00f3n primaria.<\/li>\n<\/ol>\n<\/li>\n<\/ol>\n<ul>\n<li>DETECT-IVC: Junto a la SEACV: Encuesta epidemiol\u00f3gica realizada en Espa\u00f1a sobre la prevalencia asistencial de la insuficiencia venosa cr\u00f3nica en atenci\u00f3n primaria. Coordinador del estudio Gesto-Castromil. Patrocinador: Servier<\/li>\n<li>Se lleva a cabo la primera remodelaci\u00f3n de la web y se felicita al Dr Maeso que la inici\u00f3 en los a\u00f1os precedentes.<\/li>\n<li>Propone un borrador de reforma de estatutos para aprobar en la asamblea de Oviedo 2003.<\/li>\n<li>La denominaci\u00f3n de &#8220;Capitulo Espa\u00f1ol de Flebolog\u00eda (CEF)&#8221; se tom\u00f3 a partir de los nuevos Estatutos. Estos Estatutos se redactaron y aprobaron siendo presidente el Dr J Marinel.lo La raz\u00f3n fue que cuando asist\u00edamos a la UIP, el nombre del pa\u00eds no aparec\u00eda, como en el resto de pa\u00edses.<\/li>\n<li>BASALTO: Este proyecto se inicia en el a\u00f1o 2003 y con la finalizad de elaborar un registro de casos cl\u00ednicos \u00a0de trombosis venosa profunda haciendo especial referencia a aquellos aspectos de seguimiento a largo plazo como retrombosis y secuela postromb\u00f3tica.\u00a0 Se nombr\u00f3 un Comit\u00e9 Director, mixto SEACV \/ CEF. Por la SEACV, los Dres.Fern\u00e1ndez Samos y R. Gesto; por el CEF, A. Masegosa y J Marinel.lo. No obstante, y por falta de apoyo log\u00edstico de la compa\u00f1\u00eda inicialmente comprometida, no se lleg\u00f3 a desarrollar.<\/li>\n<li>Basalto \u2013en palabras que con frecuencia ha reiterado el Dr. J. Marinel.lo\u2014 no se concebi\u00f3 como una replica al registro\u00a0 RIETE, sino con la intencionalidad de mantener docente, cient\u00edfica y asistencialmente la trombosis venosa en el \u00e1mbito de la especialidad. En el a\u00f1o 2009, m\u00e1s del 50% de los servicios de ACV del pa\u00eds no ya trataban la TVP.<\/li>\n<li>Bibliograf\u00eda Comentada y colgada en la web del CEF. Patrocinados por Leo-Pharma. 16 art\u00edculos de Bibliograf\u00eda Comentada desde Junio 2.004.<\/li>\n<li>Una decisi\u00f3n de Junta del a\u00f1o 2005, fue que los Congresos que no fueran conjuntos con la Sociedad Espa\u00f1ola tuvieran una duraci\u00f3n de un d\u00eda menos, o sea que fuera un viernes y un s\u00e1bado completo y que hubieran unos Simposiums, el jueves por la tarde.<\/li>\n<li>En 2005 se inician las Becas-Concursos para Casos Singulares de TVP Patrocinados por Leo-Pharma.\u00a0 <strong>Objetivo: <\/strong>Premiar a los trabajos de mayor inter\u00e9s sobre Trombosis Venosa Profunda de etiolog\u00eda y cl\u00ednica poco habitual y presentada por especialistas que ejerzan su pr\u00e1ctica cl\u00ednica en nuestro pa\u00eds.<\/li>\n<\/ul>\n<p><strong>\u00a0<\/strong><\/p>\n<p><strong>4-Presidencia del Dr A. Masegosa: <\/strong><\/p>\n<ul>\n<li>Curso pr\u00e1ctico de exploraci\u00f3n vascular; solicitud efectuada por el Sr.Germ\u00e1n Fern\u00e1ndez del laboratorio FAES-FARMA. 2006.<\/li>\n<li>Encuesta DETECT-IVC 2006; solicitud efectuada por la Sra. Pilar Rodr\u00edguez directora del departamento m\u00e9dico del laboratorio SERVIER.<\/li>\n<li>Colaboraci\u00f3n con el CCEV para la creaci\u00f3n de gu\u00edas de actuaci\u00f3n en el tratamiento endovascular de la patolog\u00eda venosa. Dres E. Latorre y A. Arroyo.<\/li>\n<li>Colaboraci\u00f3n con la Sociedad Espa\u00f1ola en el registro que coordina la Dra Rosa Moreno, para incluir los apartados de patolog\u00eda venosa, (Dres. G. Collado y L:J.\u00c1lvarez) 2007.<\/li>\n<li>Proyectos de Documentos de Consentimiento Informado tambi\u00e9n de forma conjunta con la SEACV . Roc\u00edo \u00c1lvarez por parte de la Sociedad Espa\u00f1ola\u00a0 y Dres J. Hospedales y R. Rial por el CEF.<\/li>\n<li>El Dr J Marinel.lo durante el Congreso de Logro\u00f1o pronuncia una conferencia magistral titulada \u201c Sindrome Amish\u201d que pone en evidencia su capacidad dial\u00e9ctica y reflexiva y, se convierte en uno de los momentos m\u00e1s emotivos y entra\u00f1ables de la historia del CEF.<\/li>\n<li>En colaboraci\u00f3n con la SEACV se ha desarrollado el estudio DETECT-IVC 2006, con los objetivos de verificar los elevados datos de prevalencia de insuficiencia venosa cr\u00f3nica (IVC) obtenidos en la encuesta DETECT-IVC del a\u00f1o 2000 y comprobar si se ha modificado el patr\u00f3n del tratamiento de esta patolog\u00eda entre los m\u00e9dicos de atenci\u00f3n primaria. J. \u00c1lvarez, F. Lozano , J. Marinel\u00b7lo, J.A. Masegosa. Laboratorios Servier.<\/li>\n<li>EPIVE, es un proyecto ambicioso cuyo objetivo es valorar la Epidemiolog\u00eda y Prevalencia de la Insuficiencia Venosa en Espa\u00f1a, que ser\u00eda la conclusi\u00f3n o la tarea que quedar\u00eda pendiente como continuaci\u00f3n de los dos DETEC que se hab\u00edan realizado previamente. El Comit\u00e9 Cient\u00edfico estuvo formado, por parte de la Sociedad Espa\u00f1ola por los Dres. Cairols y Marinel\u00b7lo y, por parte del Cap\u00edtulo Espa\u00f1ol de Flebolog\u00eda por los Dres. Escudero y Masegosa.<\/li>\n<li>En el mes de marzo, durante la Reuni\u00f3n de Junta del Cap\u00edtulo Espa\u00f1ol de Flebolog\u00eda que se desarroll\u00f3 en Bilbao, el Dr Masegosa comunica a la Junta Directiva, la decisi\u00f3n de no renovar en el cargo de Presidente alegando motivos personales y familiares.<\/li>\n<li>El 12 de Mayo del 2007 en el curso del XV Congreso Nacional del Cap\u00edtulo Espa\u00f1ol de Flebolog\u00eda de la Sociedad Espa\u00f1ola de Angiolog\u00eda y Cirug\u00eda Vascular que se celebra en Logro\u00f1o se presenta la candidatura presidida por el Dr J R Escudero.<\/li>\n<li>En el mes de Noviembre, el Dr Masegosa recibe, durante la celebraci\u00f3n de la Junta de la Sociedad Espa\u00f1ola de Angiolog\u00eda y Cirug\u00eda Vascular, informaci\u00f3n sobre el borrador de estatutos que se pretende aprobar en el Congreso Nacional de Palma de Mallorca .<\/li>\n<li>Intento de Documento de Consenso con la Atenci\u00f3n Primaria conjuntamente con SEMFYC y la SEACV. Finalmente el Comit\u00e9 cient\u00edfico de SemFyc no acepta algunos puntos y no acaba firm\u00e1ndose.<\/li>\n<li>Grupos de trabajo de la CONUEI.: Dr. P Carre\u00f1o representando al CEF en el apartado de Ulceras Venosas. 2007.<\/li>\n<\/ul>\n<p><strong>5-Presidencia del Dr J. R. Escudero:<\/strong><\/p>\n<ul>\n<li>Se ofrece a\u00a0 la Industria Farmac\u00e9utica que cualquier publicaci\u00f3n , divulgaci\u00f3n o trabajo cientifico que realicen sea revisada por el Comit\u00e9 Cient\u00edfico del CEF, a efectos que \u00e9ste pueda dar su validaci\u00f3n.<\/li>\n<li>El Dr.Lozano propone un Curso de Residentes sobre patolog\u00eda venosa. esponsorizado por Leo-Pharma. Se encarga al Dr.Alvarez para que junto al Dr.Lozano inicien la preparaci\u00f3n del mismo.<\/li>\n<li>El Dr.Escudero presenta una propuesta de reforma de la p\u00e1gina web argumentando que es confusa en cuanto a contenido, que no est\u00e1 clasificado, es incompleto al no incluir toda la patolog\u00eda venosa. No contiene gu\u00edas ni protocolos, s\u00f3lo se dirige a especialistas no a la Atenci\u00f3n Primaria ni al paciente. Es poco utilizada y visitada, debe divulgarse m\u00e1s.<\/li>\n<li>Se contacta con Pilar Rodr\u00edguez del Laboratorio Servier para que el logotipo del CEF salga en el Internacional Venous Digest By fax-Servier.<\/li>\n<li>El Dr. E. Latorre efect\u00faa la propuesta de patrocinar un Master de patolog\u00eda venosa ligado a la Universidad (Universidad Internacional de Catalunya). El tema despierta inter\u00e9s y controversia, se teme que ello pueda generar efectos no esperados en el contexto de los nuevos planes de estudios de Bolonia y no se acepta.<\/li>\n<li>El Dr. V. Ib\u00e1\u00f1ez informa de la reuni\u00f3n del Grupo L\u00e1ser en Roma y hace constar el papael relevante de este m\u00e9todo en el tratamiento de la patolog\u00eda varicosa.<\/li>\n<li>El CEF participa en el Curso de Residentes de quinto a\u00f1o y en la Beca FAES sobre casos cl\u00ednicos de residentes.<\/li>\n<li>Participaci\u00f3n en los cursos de formaci\u00f3n patrocinados por FAES para Atenci\u00f3n Primaria ,dados por m\u00e9dicos de Atenci\u00f3n Primaria y en el que miembros del CEF participaron como asesores, coordinadores y consultores.<\/li>\n<li>I Curso sobre Actualizaci\u00f3n en las T\u00e9cnicas L\u00e1ser Endovenoso y Percut\u00e1neo, curso que fue dirigido por el Dr. Ram\u00f3n Anido. Madrid 10 de octubre del 2008.<\/li>\n<li>I Curso de Escleroterapia en Fleboest\u00e9tica y Patolog\u00eda Venosa, efectuados en el Centro M\u00e9dico Teknon y que fue dirigido por la Dra. Victoria Arcediano y Dr Enric Latorre. Noviembre 2008.<\/li>\n<li>European Venous Forum. En el a\u00f1o 2008 se organiza el Congreso del EVF en Barcelona organizado por el Dr M. Cairols. El CEF participa en la organizaci\u00f3n de una mesa redonda junto a la SEACV.<\/li>\n<li>Alberto Masegosa presenta el estado actual sobre el estudio EPIVE, que lo define como pleno de disfunciones pues la SEACV lo considera muy caro pero a la vez muy interesante. A pesar de las aportaciones de Laboratorios Servier y que la Junta del CEF aprueba el gasto que le corresponde, el proyecto se considera inviable y no se lleva a cabo.<\/li>\n<li>Jos\u00e9 Escudero manifiesta que el redactado final de los nuevos estatutos ha sufrido una suavizaci\u00f3n importante y por lo tanto propone, y se acepta , que la Junta abogue por votar a favor de ellos.<\/li>\n<li>Gabinete de prensa: Dado el grado de intrusismo, la falta de informaci\u00f3n social que existe sobre la patolog\u00eda venosa se decide abrir el Cap\u00edtulo a la sociedad a trav\u00e9s de apariciones en medios de comunicaci\u00f3n\u00a0 generales, locales, digitales&#8230; Por ello se contratan los servicios de la empresa Docor Comunicaci\u00f3n.S.L en abril del 2008 y se nombra al Dr V.Iba\u00f1ez como coordinador de la misma.<\/li>\n<li>VEIN CONSULT: Estudio epidemiol\u00f3gico sobre IVC a realizar en el \u00e1mbito de la Atenci\u00f3n Primaria promovido por la UIP y auspiciado por el CEF (Coordinador en Espa\u00f1a: J R Escudero). Promotor: Servier Internacional.<\/li>\n<li>Vein-Term: . Updated terminology of chronic venous disorders : The VEIN-TERM transatlantic interdisciplinary consensus document. Ha sido auspiciado por the American Venous Forum, the European Venous Forum, the International Union of Phlebologie, the American College of Phlebologie and the International Union of Angiology. La traducci\u00f3n al espa\u00f1ol ha sido revisada por el CC del CEF, para asegurar\u00a0el m\u00e1ximo rigor y exactitud de todos los t\u00e9rminos.<\/li>\n<li>Curso On-line sobre Insuficiencia Venosa Cr\u00f3nica. Dirigido a Atenci\u00f3n Primaria y con cr\u00e9ditos de Formaci\u00f3n. Auspiciado por el CEF. Coordinado por: Sergi Bellmunt, JR Escudero, E. Latorre y promovido por Novartis.<\/li>\n<li>Relaciones con la Sociedad Espa\u00f1ola de Medicina Est\u00e9tica: Se mantiene una reuni\u00f3n con la Dra. Pilar Rodrigo (Presidenta de la SEME) para concretar y aclarar los posibles t\u00e9rminos de colaboraci\u00f3n tras la negativa del CEF a participar en sus cursos. Le recordamos que dentro del CEF existe la figura de miembro agregado y que esto permite a cualquier profesional de las ciencias de la salud participar en los congresos, cursos, web\u2026 que dependen del CEF.<\/li>\n<li>Tercer curso de flebolog\u00eda del CEF Tras el paso del \u00a0Dr L. J. Alvarez de la Junta por su paso a la vicepresidencia del CEF, se decide mantenerlo en la Organizaci\u00f3n del Curso\u00a0 y compartir la Direcci\u00f3n \u00a0con V.Mart\u00edn Cangas de Onis. Mayo 2010.<\/li>\n<li>II Curso de escleroterapia en patolog\u00eda venosa del CEF. Se decide trasladar la sede del mismo al Nuevo Hospital de Sant Pau debido a la mayor capacidad de su sal\u00f3n de actos. Se llevar\u00e1 a cabo los d\u00edas 9 y 10 de abril del 2010.<\/li>\n<li>En 2009 se inician entrevistas con miembros del CEF realizadas por Punto Radio para su programa &#8220;Salud y calidad de vida&#8221;. Las grabaciones se realizan en Barcelona pero la difusi\u00f3n es por toda Espa\u00f1a al formar parte de una cadena estatal y tambi\u00e9n aparecer en la web de la emisora y en la del CEF.<\/li>\n<li>Alertas Bibliogr\u00e1ficas: Las anteriores alertas bibliogr\u00e1ficas se limitan a los aspectos relacionados con la trombosis venosa. Leo-Pharma y Faes Farma asumen el gasto y las alertas se ampl\u00edan ahora a 10 apartados que incluyen todos los aspectos de la flebolinfolog\u00eda.<\/li>\n<li>En Junta del 2009 se prueba la gratuidad de la cuota de socio del CEF para los socios jubilados.<\/li>\n<li>Renovaci\u00f3n de la p\u00e1gina web: Las principales novedades que se pueden encontrar son:<\/li>\n<\/ul>\n<ol>\n<li style=\"list-style-type: none;\">\n<ol>\n<li>Herramientas de ayuda.<\/li>\n<li>\u00c1rea de atenci\u00f3n Primaria.<\/li>\n<li>\u00c1rea de paciente.<\/li>\n<li>Alertas Bibliogr\u00e1ficas.<\/li>\n<li>Directorio Profesional: Es necesaria la solicitud en la misma p\u00e1gina web a trav\u00e9s de la siguiente direcci\u00f3n: http:\/\/www.capitulodeflebologia.org\/directorio-alta<\/li>\n<li>Nuevo bloque de Facturaci\u00f3n en nuestro perfil de usuario.<\/li>\n<li>N\u00famero 902: Hemos puesto en servicio un n\u00famero de atenci\u00f3n telef\u00f3nico (902 76 03 77) a trav\u00e9s de la secretar\u00eda t\u00e9cnica que realiza FAES FARMA, al que los socios pueden llamar para cualquier consulta relacionada con la web.<\/li>\n<\/ol>\n<\/li>\n<\/ol>\n<ul>\n<li>Negativa de auspicio de la 1\u00aa Edici\u00f3n del Master en Flebolog\u00eda y Linfolog\u00eda de la Universidad de Alcal\u00e1: Presentada por el Dr N. Garc\u00eda Honduvilla y organizado por \u00e9l y por\u00a0 la Dra J. Buj\u00e1n\u00a0 en colaboraci\u00f3n con el Servicio de Angiolog\u00eda y Cirug\u00eda Vascular del Hospital Ruber Internacional (DR J Leal Monedero). La ley de Bolonia puede permitir que estas titulaciones sean utilizadas para el desarrollo de la actividad de flebolog\u00eda o de aspectos de ella. De acuerdo con la SEACV se niega el auspicio al igual que se hab\u00eda hecho con la solicitud de realizaci\u00f3n de un Master al Dr E. Latorre.<\/li>\n<\/ul>\n<p><strong>AUSPICIOS Y ESPONSORIZACIONES:<\/strong><\/p>\n<ul>\n<li>Angiomaresme: Curso de Actualizaci\u00f3n en Angiolog\u00eda y Cirug\u00eda Vascular para Atenci\u00f3n Primaria (m\u00e9dicos y enfermer\u00eda). Directores: J Marinel.lo y J R Escudero.<\/li>\n<li>Curso Te\u00f3rico Pr\u00e1ctico sobre Cirug\u00eda endovenosa de las varices. Hospital Sagrado Coraz\u00f3n. Barcelona. Dr C.Miquel.<\/li>\n<li>Forum Multidisciplinar de la Enfermedad Tromboemb\u00f3lica Venosa. Monreal,<\/li>\n<li>Escuela de Verano de la Enfermedad Tromboemb\u00f3lica Venosa . Monreal.<\/li>\n<li>Jornadas sobre tratamiento ambulatorio de las varices. Hospital 2 de Mayo en Barcelona. Miquel Cardona.<\/li>\n<\/ul>\n<p><strong>PREVISIONES DE FUTURO:<\/strong><\/p>\n<ul>\n<li>A la espera de confirmar en el pr\u00f3ximo congreso la titulaci\u00f3n y los avales de las 140 solicitudes pendientes, al mes de marzo del 2010 el CEF est\u00e1 formado por 402.<\/li>\n<li>La linfolog\u00eda no ha merecido la atenci\u00f3n dentro del CEF y otras especialidades como la Medicina F\u00edsica y Rehabilitaci\u00f3n y la Cirug\u00eda Pl\u00e1stica est\u00e1n apostando por ella. No es intenci\u00f3n del CEF competir con ellas, ya que las funciones est\u00e1n claramente diferenciadas pero s\u00ed colaborar con ellas para conseguir un mayor esfuerzo en investigaci\u00f3n y en tratamiento, como as\u00ed nos han solicitado distintas asociaciones de pacientes afectos de linfedema. Por ello propondr\u00e9 en la pr\u00f3xima Junta que se valore y trabaje el cambio del nombre del CEF por el de Cap\u00edtulo Espa\u00f1ol de Flebolog\u00eda y Linfolog\u00eda. De aprobarse obligar\u00e1 a una modificaci\u00f3n de los estatutos y tendr\u00e1 que\u00a0 refrendarse en las Asambleas del CEF y de la SEACV del 2011.<\/li>\n<li>La Junta del CEF ha manifestado tradicionalmente su compromiso y dependencia de laSEACV, por ello voto favorablemente, finalmente y tras acuerdos, a los nuevos estatutos de la SEACV.\u00a0 La misma intenci\u00f3n de colaboraci\u00f3n, sin p\u00e9rdida de autonom\u00eda y relevancia, tiene ante la propuesta de aprobaci\u00f3n de los nuevos reglamentos de cap\u00edtulos y congresos que ha solicitado la SEACV.<\/li>\n<\/ul>\n<\/div><\/section><\/div><div style='height:50px' class='hr hr-invisible   avia-builder-el-5  el_after_av_one_full  el_before_av_hr  '><span class='hr-inner ' ><span class='hr-inner-style'><\/span><\/span><\/div>\n<div style=' margin-top:50px; margin-bottom:0;'  class='hr hr-custom hr-center hr-icon-no   avia-builder-el-6  el_after_av_hr  avia-builder-el-last  '><span class='hr-inner   inner-border-av-border-fat' style=' width:1500px; border-color:#f2f2f2;' ><span class='hr-inner-style'><\/span><\/span><\/div>\n\n","protected":false},"excerpt":{"rendered":"","protected":false},"author":1,"featured_media":0,"parent":0,"menu_order":0,"comment_status":"closed","ping_status":"closed","template":"","meta":[],"_links":{"self":[{"href":"https:\/\/www.capitulodeflebologia.org\/en\/wp-json\/wp\/v2\/pages\/2288"}],"collection":[{"href":"https:\/\/www.capitulodeflebologia.org\/en\/wp-json\/wp\/v2\/pages"}],"about":[{"href":"https:\/\/www.capitulodeflebologia.org\/en\/wp-json\/wp\/v2\/types\/page"}],"author":[{"embeddable":true,"href":"https:\/\/www.capitulodeflebologia.org\/en\/wp-json\/wp\/v2\/users\/1"}],"replies":[{"embeddable":true,"href":"https:\/\/www.capitulodeflebologia.org\/en\/wp-json\/wp\/v2\/comments?post=2288"}],"version-history":[{"count":7,"href":"https:\/\/www.capitulodeflebologia.org\/en\/wp-json\/wp\/v2\/pages\/2288\/revisions"}],"predecessor-version":[{"id":2466,"href":"https:\/\/www.capitulodeflebologia.org\/en\/wp-json\/wp\/v2\/pages\/2288\/revisions\/2466"}],"wp:attachment":[{"href":"https:\/\/www.capitulodeflebologia.org\/en\/wp-json\/wp\/v2\/media?parent=2288"}],"curies":[{"name":"wp","href":"https:\/\/api.w.org\/{rel}","templated":true}]}}